{"id":105699,"date":"2024-12-17T14:21:13","date_gmt":"2024-12-17T12:21:13","guid":{"rendered":"https:\/\/www.pohy.fi\/?post_type=tribe_events&#038;p=105699"},"modified":"2025-01-29T10:41:59","modified_gmt":"2025-01-29T08:41:59","slug":"kumppanuuspoyta-31-1-2025-klo-10-12-partnerskapsbord-teams","status":"publish","type":"tribe_events","link":"https:\/\/www.pohy.fi\/sv\/tapahtuma\/kumppanuuspoyta-31-1-2025-klo-10-12-partnerskapsbord-teams\/","title":{"rendered":"Kumppanuusp\u00f6yt\u00e4 31.1.2025 klo 10-12 Partnerskapsbord (Teams)"},"content":{"rendered":"<h3><strong>Pohjanmaan hyvinvointialueella toimiville j\u00e4rjest\u00f6ille<\/strong>.<\/h3>\n<p>Yhdistyksen edustajat, tervetuloa Pohjanmaan hyvinvointialueen j\u00e4rjest\u00e4m\u00e4\u00e4n kumppanuusp\u00f6yt\u00e4\u00e4n suunnittelemaan tulevaa yhteisty\u00f6t\u00e4!<\/p>\n<p>Aiheena on sosiaali- ja terveyskeskus sek\u00e4 j\u00e4rjest\u00f6yhteisty\u00f6. Luomme katsauksen menneisyyteen, millaista yhteisty\u00f6t\u00e4 on ollut, ja pohdimme tulevaisuutta. Millaista konkreettista yhteisty\u00f6t\u00e4 toivotaan? Mitk\u00e4 tulosalueet ja j\u00e4rjest\u00f6t ovat mukana?<\/p>\n<p><em>N\u00e4m\u00e4 tilaisuudet ovat t\u00e4rkeit\u00e4 niin hyvinvointialueelle kuin j\u00e4rjest\u00f6illekin<\/em>. Mihin suuntaan tulevaisuudessa halutaan menn\u00e4?<\/p>\n<p><strong>Linkki kumppanuusp\u00f6yt\u00e4\u00e4n:<br \/>\n<\/strong>Teams:\u00a0<a role=\"link\" href=\"https:\/\/tinyurl.com\/2S49J6D5\">https:\/\/tinyurl.com\/2S49J6D5<\/a><\/p>\n<p><em><strong>ASIALISTA 31.1.<br \/>\n1. Kokouksen avaus, Psykososiaaliset palvelut, <\/strong>toimialajohtaja Kosti Hyv\u00e4rinen<strong><br \/>\n<\/strong><\/em><strong>2. Tilannekatsaukset hankkeista ja j\u00e4rjest\u00f6yhteisty\u00f6st\u00e4<\/strong><br \/>\n<em><strong>&#8211; Yhdess\u00e4 vahvempaa \u2013 ty\u00f6ik\u00e4isten ehk\u00e4isev\u00e4\u00e4 p\u00e4ihdety\u00f6t\u00e4 Pohjanmaalle, <\/strong>hankekoordinaattori Nina Herrg\u00e5rd<strong><br \/>\n&#8211; ADHD porrastettu psykososiaalisen tuen ja hoidon malli, <\/strong>projektip\u00e4\u00e4llikk\u00f6 Anu Hiironniemi<strong><br \/>\n&#8211; Hyvinvointiopas, <\/strong>hankekoordinaattori Kirsi Laitila<strong><br \/>\n3. Psykiatrisen poliklinikan muutos, <\/strong>konsultoiva l\u00e4\u00e4k\u00e4ri Ruut Liski ja osastonhoitaja Maija Vuori\u00a0<strong><br \/>\n4. Ajankohtaiset asiat, Psykososiaaliset palvelut,<\/strong> toimialajohtaja Kosti Hyv\u00e4rinen<strong><br \/>\n5. Ajankohtaiset asiat, <\/strong>hyvinvoinnin ja terveyden edist\u00e4misen koordinaattorit<strong><br \/>\n6.<\/strong> <strong>Erfarenhetsverksamhet<br \/>\n&#8211; Alustavia suunnitelmia kokemustoimijoiden kouluttamisesta perhev\u00e4kivaltaty\u00f6h\u00f6n, <\/strong>v\u00e4kivaltaty\u00f6n asiantuntija Heli N\u00e4reaho Avopalveluyksikk\u00f6, Pohjanmaan ensi- ja turvakotiyhdistys ry\u00a0<strong><br \/>\n&#8211; Keskustelua kokemustoiminnasta (kokemusosaajien hy\u00f6dynt\u00e4minen Psykososiaalisissa palveluissa, hankkeissa, mahdollisia tulevia koulutuksia ym.)<br \/>\n7. Kumppanuusp\u00f6yd\u00e4t tulevaisuudessa<br \/>\n<\/strong><\/em><\/p>\n<h3><strong>F\u00f6r organisationer och f\u00f6reningar som verkar i \u00f6sterbottens v\u00e4lf\u00e4rdsomr\u00e5de.<\/strong><\/h3>\n<p><span lang=\"sv-FI\">F\u00f6reningsrepresentanter, v\u00e4lkomna till partnerskapsbordet som arrangeras av \u00d6sterbottens v\u00e4lf\u00e4rdsomr\u00e5de f\u00f6r att planera framtida samarbete!<\/span><\/p>\n<p><span lang=\"sv-FI\">Temat f\u00f6r m\u00f6tet \u00e4r social- och h\u00e4lsocentralen samt samarbete med organisationer. Vi kommer att blicka tillbaka p\u00e5 hur samarbetet har sett ut tidigare och diskutera framtiden. Vilket konkret samarbete \u00f6nskas? Vilka resultatomr\u00e5den och organisationer \u00e4r involverade?<\/span><\/p>\n<p><span lang=\"sv-FI\"><em>Dessa m\u00f6ten \u00e4r viktiga f\u00f6r b\u00e5de v\u00e4lf\u00e4rdsomr\u00e5det och organisationerna<\/em>. I vilken riktning vill vi g\u00e5 i framtiden?<\/span><\/p>\n<p><strong>L\u00e4nk till partnerskapsbordet:<br \/>\n<\/strong><a href=\"https:\/\/tinyurl.com\/2S49J6D5\">https:\/\/tinyurl.com\/2S49J6D5<\/a><\/p>\n<p><em><strong>\u00c4RENDEN 31.1.<br \/>\n1. \u00d6ppning av m\u00f6tet, Psykosocial service, <\/strong>verksamhetsomr\u00e5desdirekt\u00f6r Kosti Hyv\u00e4rinen<strong><br \/>\n2. Projektuppdateringar och samarbete med organisationer<br \/>\n&#8211; Starkare tillsammans \u2013 rusmedelsf\u00f6rebyggande arbete f\u00f6r personer i arbetsf\u00f6r \u00e5lder i \u00d6sterbotten, <\/strong>projektkoordinator Nina Herrg\u00e5rd<strong><br \/>\n&#8211; <span data-olk-copy-source=\"MessageBody\">Stegvis modell f\u00f6r psykosocialt st\u00f6d och v\u00e5rd inom ADHD<\/span>, <\/strong>projectchef Anu Hiironniemi<strong><br \/>\n&#8211; V\u00e4lm\u00e5endeguide <\/strong>projectkoordinator Kirsi Laitila<strong><br \/>\n3. Psykiatriska \u00f6ppenv\u00e5rdsmottagningens f\u00f6r\u00e4ndring, <\/strong>konsulterande l\u00e4kare Ruut Liski och sjuksk\u00f6terskechef Maija Vuori\u00a0<strong><br \/>\n4. Aktuella \u00e4renden, Psykosocial service, <\/strong>verksamhetsomr\u00e5desdirekt\u00f6r Kosti Hyv\u00e4rinen<strong><br \/>\n5. Aktuella \u00e4renden, <\/strong>koordinator f\u00f6r v\u00e4lbefinnande och h\u00e4lsofr\u00e4mjande<strong><br \/>\n6. Erfarenhetsexpertverksamhet<br \/>\n&#8211; Prelimin\u00e4ra planer f\u00f6r utbildning av erfarenhetsexperter i arbetet med familjev\u00e5ld, <\/strong>expert p\u00e5 v\u00e5ldarbete Heli N\u00e4reaho \u00d6ppenv\u00e5rdsenhet, \u00d6sterbottens kris- och skyddshemf\u00f6rening<strong><br \/>\n&#8211; Diskussion om erfarenhetsexpertverksamhet (anv\u00e4ndning av erfarenhetsexperter inom psykosociala tj\u00e4nster, projekt, m\u00f6jliga framtida utbildningar m.m.)<br \/>\n7. Partnerskapbord i framtiden<\/strong><\/em><\/p>","protected":false},"excerpt":{"rendered":"<p>Pohjanmaan hyvinvointialueella toimiville j\u00e4rjest\u00f6ille. Yhdistyksen edustajat, tervetuloa Pohjanmaan hyvinvointialueen j\u00e4rjest\u00e4m\u00e4\u00e4n kumppanuusp\u00f6yt\u00e4\u00e4n suunnittelemaan tulevaa yhteisty\u00f6t\u00e4! Aiheena on sosiaali- ja terveyskeskus sek\u00e4 j\u00e4rjest\u00f6yhteisty\u00f6. Luomme katsauksen menneisyyteen, millaista yhteisty\u00f6t\u00e4 on ollut, ja pohdimme [&hellip;]<\/p>\n","protected":false},"author":13,"featured_media":105700,"template":"","meta":{"_et_pb_use_builder":"","_et_pb_old_content":"","_et_gb_content_width":"","_tribe_events_status":"","_tribe_events_status_reason":"","footnotes":""},"tags":[152,98,153,72],"tribe_events_cat":[77],"class_list":["post-105699","tribe_events","type-tribe_events","status-publish","has-post-thumbnail","hentry","tag-kumppanuuspoyta","tag-ovph","tag-partnerskapsbord","tag-pohy","tribe_events_cat-webinaari","cat_webinaari"],"_links":{"self":[{"href":"https:\/\/www.pohy.fi\/sv\/wp-json\/wp\/v2\/tribe_events\/105699","targetHints":{"allow":["GET"]}}],"collection":[{"href":"https:\/\/www.pohy.fi\/sv\/wp-json\/wp\/v2\/tribe_events"}],"about":[{"href":"https:\/\/www.pohy.fi\/sv\/wp-json\/wp\/v2\/types\/tribe_events"}],"author":[{"embeddable":true,"href":"https:\/\/www.pohy.fi\/sv\/wp-json\/wp\/v2\/users\/13"}],"version-history":[{"count":4,"href":"https:\/\/www.pohy.fi\/sv\/wp-json\/wp\/v2\/tribe_events\/105699\/revisions"}],"predecessor-version":[{"id":105796,"href":"https:\/\/www.pohy.fi\/sv\/wp-json\/wp\/v2\/tribe_events\/105699\/revisions\/105796"}],"wp:featuredmedia":[{"embeddable":true,"href":"https:\/\/www.pohy.fi\/sv\/wp-json\/wp\/v2\/media\/105700"}],"wp:attachment":[{"href":"https:\/\/www.pohy.fi\/sv\/wp-json\/wp\/v2\/media?parent=105699"}],"wp:term":[{"taxonomy":"post_tag","embeddable":true,"href":"https:\/\/www.pohy.fi\/sv\/wp-json\/wp\/v2\/tags?post=105699"},{"taxonomy":"tribe_events_cat","embeddable":true,"href":"https:\/\/www.pohy.fi\/sv\/wp-json\/wp\/v2\/tribe_events_cat?post=105699"}],"curies":[{"name":"wp","href":"https:\/\/api.w.org\/{rel}","templated":true}]}}