{"id":105551,"date":"2024-11-07T09:20:47","date_gmt":"2024-11-07T07:20:47","guid":{"rendered":"https:\/\/www.pohy.fi\/?post_type=tribe_events&#038;p=105551"},"modified":"2024-11-07T09:20:47","modified_gmt":"2024-11-07T07:20:47","slug":"kumppanuuspoyta-14-11-2024-partnerskapsbord","status":"publish","type":"tribe_events","link":"https:\/\/www.pohy.fi\/sv\/tapahtuma\/kumppanuuspoyta-14-11-2024-partnerskapsbord\/","title":{"rendered":"Kumppanuusp\u00f6yt\u00e4 14.11.2024 Partnerskapsbord"},"content":{"rendered":"<h3><strong>Pohjanmaan hyvinvointialueella toimiville j\u00e4rjest\u00f6ille<\/strong>.<\/h3>\n<p>Yhdistyksen edustajat, tervetuloa Pohjanmaan hyvinvointialueen j\u00e4rjest\u00e4m\u00e4\u00e4n kumppanuusp\u00f6yt\u00e4\u00e4n suunnittelemaan tulevaa yhteisty\u00f6t\u00e4!<\/p>\n<p>Aiheena on sosiaali- ja terveyskeskus sek\u00e4 j\u00e4rjest\u00f6yhteisty\u00f6. Luomme katsauksen menneisyyteen, millaista yhteisty\u00f6t\u00e4 on ollut, ja pohdimme tulevaisuutta. Millaista konkreettista yhteisty\u00f6t\u00e4 toivotaan? Mitk\u00e4 tulosalueet ja j\u00e4rjest\u00f6t ovat mukana?<\/p>\n<p>Vastaavia kumppanuusp\u00f6yt\u00e4tilaisuuksia j\u00e4rjestet\u00e4\u00e4n<\/p>\n<p>14.11. aiheena kuntoutuspalvelut, <em>(asialista alempana)<\/em><\/p>\n<p>27.11. aiheena sairaalapalvelut<\/p>\n<p>13.12. aiheena psykososiaaliset palvelut<\/p>\n<p><em>N\u00e4m\u00e4 tilaisuudet ovat t\u00e4rkeit\u00e4 niin hyvinvointialueelle kuin j\u00e4rjest\u00f6illekin<\/em>. Mihin suuntaan tulevaisuudessa halutaan menn\u00e4?<\/p>\n<p><strong>Linkki kumppanuusp\u00f6yt\u00e4\u00e4n:<\/strong><br \/>\n<a href=\"https:\/\/tinyurl.com\/2S49J6D5\">https:\/\/tinyurl.com\/2S49J6D5<\/a><\/p>\n<p><em><strong>ASIALISTA 14.11.<\/strong><\/em><br \/>\n<em><strong>1. Kokouksen avaus ja ajankohtaista kuntoutuksen toimialalta<\/strong>\u00a0<strong><br \/>\n2. Kuntoutuksen toimialan oma malli ryhm\u00e4toiminnasta<\/strong>\u00a0<strong><br \/>\n3. Tietoa j\u00e4rjest\u00f6jen yll\u00e4pit\u00e4m\u00e4st\u00e4 ryhm\u00e4toiminnasta <\/strong><strong><br \/>\n4. Yhteist\u00e4 keskustelua &#8211; miten yhteisty\u00f6t\u00e4 ryhm\u00e4liikunnan ja muun ryhm\u00e4toiminnan yhdyspinnalla voitaisiin vahvistaa<\/strong><strong><br \/>\n5. Mit\u00e4 j\u00e4rjest\u00f6ill\u00e4 olisi tarjottavana avoty\u00f6n tarpeessa oleville?<\/strong><\/em><b><i>\u00a0\u00a0<\/i><\/b><br \/>\n<em><strong>6. Tietoa Yst\u00e4v\u00e4nkortti Toiminnasta Pohjanmaan alueella, <\/strong>koordinaattori Maili Sillanp\u00e4\u00e4<strong><br \/>\n7.\u00a0<\/strong><strong>Yhdistysten ajankohtaiset asiat<br \/>\n8. Alueellisten palvelup\u00e4\u00e4llik\u00f6iden ajankohtaiset asiat, <\/strong>Pohjanmaan hyvinvointialue<br \/>\n<strong>9. Seuraava tapaaminen ja teemojen dead-line<\/strong><\/em><\/p>\n<h3><strong><br \/>\nF\u00f6r organisationer och f\u00f6reningar som verkar i \u00f6sterbottens v\u00e4lf\u00e4rdsomr\u00e5de.<\/strong><\/h3>\n<p><span lang=\"sv-FI\">F\u00f6reningsrepresentanter, v\u00e4lkomna till partnerskapsbordet som arrangeras av \u00d6sterbottens v\u00e4lf\u00e4rdsomr\u00e5de f\u00f6r att planera framtida samarbete!<\/span><\/p>\n<p><span lang=\"sv-FI\">Temat f\u00f6r m\u00f6tet \u00e4r social- och h\u00e4lsocentralen samt samarbete med organisationer. Vi kommer att blicka tillbaka p\u00e5 hur samarbetet har sett ut tidigare och diskutera framtiden. Vilket konkret samarbete \u00f6nskas? Vilka resultatomr\u00e5den och organisationer \u00e4r involverade?<\/span><\/p>\n<p><span lang=\"sv-FI\">\u00a0<\/span><span lang=\"sv-FI\">Liknande partnerskapsbord kommer att h\u00e5llas: <\/span><\/p>\n<p><span lang=\"sv-FI\">14.11. med temat rehabiliteringstj\u00e4nster <em>(\u00e4renden nedanf\u00f6r)<\/em><\/span><\/p>\n<p>27.11. med temat sjukhusservice<\/p>\n<p>13.12. <span lang=\"sv-FI\">med temat psykosociala tj\u00e4nster<\/span><\/p>\n<p><span lang=\"sv-FI\"><em>Dessa m\u00f6ten \u00e4r viktiga f\u00f6r b\u00e5de v\u00e4lf\u00e4rdsomr\u00e5det och organisationerna<\/em>. I vilken riktning vill vi g\u00e5 i framtiden?<\/span><\/p>\n<p><strong>L\u00e4nk till partnerskapsbordet:<br \/>\n<\/strong><a href=\"https:\/\/tinyurl.com\/2S49J6D5\">https:\/\/tinyurl.com\/2S49J6D5<\/a><\/p>\n<p><em><strong>\u00c4RENDEN 14.11.<\/strong><\/em><br \/>\n<em><strong>1. \u00d6ppnande m\u00f6tet och\u00a0 aktuellt inom verksamhetsomr\u00e5det f\u00f6r rehabilitering<\/strong><strong><br \/>\n2. Verksamhetsomr\u00e5de Rehabiliteringens egen modell av gruppverksamhet<\/strong><strong><br \/>\n3. Information om gruppverksamhet som uppr\u00e4ttsh\u00e5lls av f\u00f6reningar<\/strong><strong><br \/>\n4. Gemensam diskussion \u2013 hur skulle vi kunna st\u00e4rka gr\u00e4nssnittssamarbete mellan gruppmotion och annan gruppverksamhet <\/strong><strong><br \/>\n5. Vad kan f\u00f6reningarna erbjuda dem som beh\u00f6ver \u00f6ppet arbete?<br \/>\n<\/strong><strong>6. Information om kompiskortsverksamheten<br \/>\n7. F\u00f6reningarnas aktuella \u00e4renden<br \/>\n8. Regionalservicechefernas aktuella \u00e4renden, <\/strong>\u00d6sterbottens v\u00e4lf\u00e4rdsomr\u00e5de<strong><br \/>\n9. N\u00e4sta m\u00f6te och deadline f\u00f6r tema<b><i>\u00a0<\/i><\/b><\/strong><\/em><\/p>","protected":false},"excerpt":{"rendered":"<p>Pohjanmaan hyvinvointialueella toimiville j\u00e4rjest\u00f6ille. Yhdistyksen edustajat, tervetuloa Pohjanmaan hyvinvointialueen j\u00e4rjest\u00e4m\u00e4\u00e4n kumppanuusp\u00f6yt\u00e4\u00e4n suunnittelemaan tulevaa yhteisty\u00f6t\u00e4! Aiheena on sosiaali- ja terveyskeskus sek\u00e4 j\u00e4rjest\u00f6yhteisty\u00f6. Luomme katsauksen menneisyyteen, millaista yhteisty\u00f6t\u00e4 on ollut, ja pohdimme [&hellip;]<\/p>\n","protected":false},"author":21,"featured_media":105552,"template":"","meta":{"_et_pb_use_builder":"","_et_pb_old_content":"","_et_gb_content_width":"","_tribe_events_status":"","_tribe_events_status_reason":"","footnotes":""},"tags":[],"tribe_events_cat":[],"class_list":["post-105551","tribe_events","type-tribe_events","status-publish","has-post-thumbnail","hentry"],"_links":{"self":[{"href":"https:\/\/www.pohy.fi\/sv\/wp-json\/wp\/v2\/tribe_events\/105551","targetHints":{"allow":["GET"]}}],"collection":[{"href":"https:\/\/www.pohy.fi\/sv\/wp-json\/wp\/v2\/tribe_events"}],"about":[{"href":"https:\/\/www.pohy.fi\/sv\/wp-json\/wp\/v2\/types\/tribe_events"}],"author":[{"embeddable":true,"href":"https:\/\/www.pohy.fi\/sv\/wp-json\/wp\/v2\/users\/21"}],"version-history":[{"count":1,"href":"https:\/\/www.pohy.fi\/sv\/wp-json\/wp\/v2\/tribe_events\/105551\/revisions"}],"predecessor-version":[{"id":105553,"href":"https:\/\/www.pohy.fi\/sv\/wp-json\/wp\/v2\/tribe_events\/105551\/revisions\/105553"}],"wp:featuredmedia":[{"embeddable":true,"href":"https:\/\/www.pohy.fi\/sv\/wp-json\/wp\/v2\/media\/105552"}],"wp:attachment":[{"href":"https:\/\/www.pohy.fi\/sv\/wp-json\/wp\/v2\/media?parent=105551"}],"wp:term":[{"taxonomy":"post_tag","embeddable":true,"href":"https:\/\/www.pohy.fi\/sv\/wp-json\/wp\/v2\/tags?post=105551"},{"taxonomy":"tribe_events_cat","embeddable":true,"href":"https:\/\/www.pohy.fi\/sv\/wp-json\/wp\/v2\/tribe_events_cat?post=105551"}],"curies":[{"name":"wp","href":"https:\/\/api.w.org\/{rel}","templated":true}]}}